{"id":205,"date":"2020-04-22T21:06:10","date_gmt":"2020-04-22T21:06:10","guid":{"rendered":"https:\/\/centerforinsuranceclai.live-website.com\/?page_id=205"},"modified":"2022-07-22T11:28:39","modified_gmt":"2022-07-22T10:28:39","slug":"data-protection","status":"publish","type":"page","link":"https:\/\/mycic.eu\/de\/data-protection","title":{"rendered":"Datenschutz"},"content":{"rendered":"<p class=\"has-medium-font-size\"><strong>Datenschutz-Erkl\u00e4rung<br>im Sinne der Art. 13 und 14 DS-GVO (Informationspflichten)<\/strong><\/p>\n\n\n\n<ol><li><strong>Name und Kontaktdaten des f\u00fcr die Verarbeitung<\/strong> <strong>Verantwortlichen<\/strong><br>Diese Datenschutz-Information gilt f\u00fcr die Datenverarbeitung durch:<br>CIC Center for Insurance Claims UG, Kalteiche Ring 46, 3508 Haiger, Deutschland<br><\/li><li><strong>Erhebung und Speicherung personenbezogener Daten sowie Art und Zweck von deren Verwendung<\/strong><br><strong>a) beim Besuch der der Website<\/strong><br><br>Beim Aufruf unserer Website \u201emycic.eu\u201c werden durch den auf Ihrem Endger\u00e4t zum Einsatz kommenden Browser automatisch Informationen an den Server unserer Website gesendet. Diese Informationen werden tempor\u00e4r in einem sog. Logfile gespeichert. Folgende Informationen werden dabei ohne Ihr Zutun erfasst und bis zur automatisierten<br>L\u00f6schung gespeichert:<br><br>&#8211; IP-Adresse des anfragenden Rechners<br>&#8211; Datum und Uhrzeit des Zugriffs<br>&#8211; Name und URL der abgerufenen Datei<br>&#8211; Website, von der aus der Zugriff erfolgte<br>-Verwendeter Browser und ggf. das Betriebssystem Ihres Rechners sowie der Name Ihres<br>Access-Providers.<br><br><strong>Die genannten Daten werden durch uns zu folgenden Zwecken verarbeitet:<\/strong><br><br>&#8211; Gew\u00e4hrleistung eines reibungslosen Verbindungsaufbaus der Website<br>&#8211; Gew\u00e4hrleistung einer komfortablen Nutzung unserer Website<br>&#8211; Auswertung der Systemsicherheit und -stabilit\u00e4t sowie<br>&#8211; Zu weiteren administrativen Zwecken.<br>Die <strong>Rechtsgrundlage<\/strong> f\u00fcr die Datenverarbeitung ist Art. 6 Abs. 1 S. 1 lit. f DS-GVO. Unser<br>berechtigtes Interesse folgt aus oben gelisteten Zwecken zur Datenerhebung. In keinem<br>Fall verwenden wir die erhobenen Daten zu dem Zweck, R\u00fcckschl\u00fcsse auf Ihre Person zu<br>ziehen.<br><\/li><\/ol>\n\n\n\n<p>Dar\u00fcber hinaus setzen wir beim Besuch unserer Website Cookies ein. N\u00e4here<br>Erl\u00e4uterungen dazu erhalten Sie unter der Ziffer 4 dieser Datenschutz-Erkl\u00e4rung.<br><br><strong>b) Bei Nutzung unseres Schadenformulars<\/strong><br><br>Zwecks Schadenmeldung steht Ihnen ein Online-Schadenformular zur Verf\u00fcgung. Hier<br>k\u00f6nnen Sie die f\u00fcr die weitere Bearbeitung erforderlichen Daten eingeben und<br>\u00fcbermitteln.<br><br>Neben der Erfassung Ihrer Kontaktdaten, der Schadenschilderung und den f\u00fcr die weitere<br>Bearbeitung erforderlichen Bankdaten k\u00f6nnen Sie zus\u00e4tzlich auch Schadenfotos hochladen.<br><br>Die <strong>Rechtsgrundlage<\/strong> der Datenverarbeitung zum Zwecke der Schadenbearbeitung\/-<br>Abwicklung mit uns erfolgt nach Art. 6 Abs. 1 S. 1 lit. a und b DS-GVO.<\/p>\n\n\n\n<ol start=\"3\"><li><strong>Weitergabe von Daten<\/strong><br><br>Eine \u00dcbermittlung Ihrer personenbezogenen Daten an Dritte z.B. Assisteure erfolgt im<br>Rahmen der Schadenbearbeitung\/-Abwicklung soweit erforderlich.<br><\/li><li><strong>Cookies<\/strong><br><br>Zur Optimierung unseres Internet-Auftritts setzen wir Cookies ein. Hierbei handelt es sich<br>um kleine Dateien, die Ihr Browser automatisch erstellt und die auf Ihrem Endger\u00e4t<br>(Laptop, Tablet, Smartphone o.\u00e4.) gespeichert werden, wenn Sie unsere Seiten besuchen.<br>Cookies richten auf Ihrem Endger\u00e4t keinen Schaden an, enthalten keine Viren, Trojaner<br>oder sonstige Schadsoftware. In dem Cookie werden Informationen abgelegt, die sich<br>jeweils im Zusammenhang mit dem spezifisch eingesetzten Endger\u00e4t ergeben. Dies<br>bedeutet jedoch nicht, dass wir dadurch unmittelbar Kenntnis von Ihrer Identit\u00e4t erhalten.<br><br>Der Einsatz von Cookies dient einerseits dazu, die Nutzung unseres Angebots f\u00fcr Sie<br>angenehmer zu gestalten. So setzen wir sogenannte Session-Cookies ein, um zu erkennen,<br>dass Sie einzelne Seiten unserer Website bereits besucht haben. Diese werden nach<br>Verlassen unserer Seite automatisch gel\u00f6scht.<br><br>Dar\u00fcber hinaus setzen wir ebenfalls zur Optimierung der Benutzerfreundlichkeit tempor\u00e4re<br>Cookies ein, die f\u00fcr einen bestimmten festgelegten Zeitraum auf Ihrem Endger\u00e4t<br>gespeichert werden. Besuchen Sie unsere Seite erneut, um unsere Dienste in Anspruch zu<br>nehmen, wird automatisch erkannt, dass Sie bereits bei uns waren und welche Eingaben<br>und Einstellungen sie get\u00e4tigt haben, um diese nicht noch einmal eingeben zu m\u00fcssen.<br>Zum anderen setzten wir Cookies ein, um die Nutzung unserer Website statistisch zu<br>erfassen und zum Zwecke der Optimierung unseres Angebotes f\u00fcr Sie auszuwerten (siehe<br>Ziff. 5). Diese Cookies erm\u00f6glichen es uns, bei einem erneuten Besuch unserer Seite<br>automatisch zu erkennen, dass Sie bereits bei uns waren. Diese Cookies werden nach einer<br>jeweils definierten Zeit automatisch gel\u00f6scht.<br>Die durch Cookies verarbeiteten Daten sind f\u00fcr die genannten Zwecke zur Wahrung<br>unserer berechtigten Interessen sowie der Dritter nach Art. 6 Abs. 1 S. 1 lit. f DS-GVO er<\/li><\/ol>\n\n\n\n<p>forderlich.<br>Die meisten Browser akzeptieren Cookies automatisch. Sie k\u00f6nnen Ihren Browser jedoch so<br>konfigurieren, dass keine Cookies auf Ihrem Computer gespeichert werden oder stets ein<br>Hinweis erscheint, bevor ein neues Cookie angelegt wird. Die vollst\u00e4ndige Deaktivierung<br>von Cookies kann jedoch dazu f\u00fchren, dass Sie nicht alle Funktionen unserer Website<br>nutzen k\u00f6nnen.<\/p>\n\n\n\n<ol start=\"5\"><li><strong>Betroffenenrechte<\/strong><br><br>Sie haben das Recht:<br><br>\u2022 gem\u00e4\u00df <strong>Art<\/strong>. <strong>15 DS-GVO <\/strong>Auskunft \u00fcber Ihre von uns verarbeiteten personenbezogenen<br>Daten zu verlangen. Insbesondere k\u00f6nnen Sie Auskunft \u00fcber die Verarbeitungszwecke, die<br>Kategorie der personenbezogenen Daten, die Kategorien von Empf\u00e4ngern, gegen\u00fcber<br>denen Ihre Daten offengelegt wurden oder werden, die geplante Speicherdauer, das<br>Bestehen eines Rechts auf Berichtigung, L\u00f6schung, Einschr\u00e4nkung der Verarbeitung oder<br>Widerspruch, das Bestehen eines Beschwerderechts, die Herkunft ihrer Daten, sofern diese<br>nicht bei uns erhoben wurden, sowie \u00fcber das Bestehen einer automatisierten<br>Entscheidungsfindung einschlie\u00dflich Profiling und ggf. aussagekr\u00e4ftigen Informationen zu<br>deren Einzelheiten verlangen;<br><br>\u2022 gem\u00e4\u00df <strong>Art.<\/strong> <strong>16 DS-GVO<\/strong> unverz\u00fcglich die Berichtigung unrichtiger oder Vervoll-<br>st\u00e4ndigung Ihrer bei uns gespeicherten personenbezogenen Daten zu verlangen;<br><br>\u2022 gem\u00e4\u00df <strong>Art<\/strong>. <strong>17 DS-GVO<\/strong> die L\u00f6schung Ihrer bei uns gespeicherten personenbezogenen<br>Daten zu verlangen, soweit nicht die Verarbeitung zur Aus\u00fcbung des Rechts auf freie<br>Meinungs\u00e4u\u00dferung und Information, zur Erf\u00fcllung einer rechtlichen Verpflichtung, aus<br>Gr\u00fcnden des \u00f6ffentlichen Interesses oder zur Geltendmachung, Aus\u00fcbung oder<br>Verteidigung von Rechtsanspr\u00fcchen erforderlich ist;<br><br>\u2022 gem\u00e4\u00df<strong> Art.<\/strong> <strong>18 DS-GVO<\/strong> die Einschr\u00e4nkung der Verarbeitung Ihrer personenbezogenen<br>Daten zu verlangen, soweit die Richtigkeit der Daten von Ihnen bestritten wird, die Ver-<br>arbeitung unrechtm\u00e4\u00dfig ist, Sie aber deren L\u00f6schung ablehnen und wir die Daten nicht<br>mehr ben\u00f6tigen, Sie jedoch diese zur Geltendmachung, Aus\u00fcbung oder Verteidigung von<br>Rechtsanspr\u00fcchen ben\u00f6tigen oder Sie gem\u00e4\u00df Art. 21 DS-GVO Widerspruch gegen die<br>Verarbeitung eingelegt haben;<br><br>\u2022 gem\u00e4\u00df <strong>Art.<\/strong> <strong>20 DS-GVO<\/strong> Ihre personenbezogenen Daten, die Sie uns bereitgestellt haben,<br>in einem strukturierten, g\u00e4ngigen und maschinenlesebaren Format zu erhalten oder die<br>\u00dcbermittlung an einen anderen Verantwortlichen zu verlangen;<br><br>\u2022 gem\u00e4\u00df <strong>Art. 7 Abs. 3 DS-GVO<\/strong> Ihre einmal erteilte Einwilligung jederzeit gegen\u00fcber uns<br>zu widerrufen. Dies hat zur Folge, dass wir die Datenverarbeitung, die auf dieser<br>Einwilligung beruhte, f\u00fcr die Zukunft nicht mehr fortf\u00fchren d\u00fcrfen und<br><\/li><\/ol>\n\n\n\n<p>\u2022 gem\u00e4\u00df <strong>Art. 77 DS-GVO<\/strong> sich bei der f\u00fcr uns zust\u00e4ndigen Aufsichtsbeh\u00f6rde zu<br>beschweren: Landesbeauftragte f\u00fcr Datenschutz und Informationsfreiheit Nordrhein-<br>Westfalen, Postfach 20 04 44, 40102 D\u00fcsseldorf.<\/p>\n\n\n\n<ol start=\"6\"><li><strong>Widerspruchsrecht<\/strong><br>Sofern Ihre personenbezogenen Daten auf Grundlage von berechtigten Interessen gem\u00e4\u00df<br>Art. 6 Abs. 1 S. 1 lit. f DS-GVO verarbeitet werden, haben Sie das Recht, gem\u00e4\u00df Art. 21 DS-<br>GVO Widerspruch gegen die Verarbeitung Ihrer personenbezogenen Daten einzulegen,<br>soweit daf\u00fcr Gr\u00fcnde vorliegen, die sich aus Ihrer besonderen Situation ergeben oder sich<br>der Widerspruch gegen Direktwerbung richtet. Im letzteren Fall haben Sie ein generelles<br>Widerspruchsrecht, das ohne Angabe einer besonderen Situation von uns umgesetzt wird.<br>M\u00f6chten Sie von Ihrem Widerrufs- oder Widerspruchsrecht Gebrauch machen, gen\u00fcgt eine<br>eMail an: claimsger@mycic.eu .<br><\/li><li><strong>Datensicherheit<\/strong><br>Wenn wir Sie beraten, k\u00f6nnen Sie sich auf einen zertifizierten Datenschutz verlassen. Wir<br>garantieren Ihnen, dass wir Ihre Daten nicht an Dritte weitergeben \u2013 sie werden lediglich<br>zur Verwaltung Ihres Zugangs und des E-Mail-Verteilers benutzt.<br>Wir sind uns dar\u00fcber bewusst, dass Ihnen der Schutz Ihrer Privatsph\u00e4re bei der Benutzung<br>unserer Internetseiten ein wichtiges Anliegen ist. Deshalb nehmen wir unsere Aufgabe, die<br>Vertraulichkeit Ihrer personenbezogenen daten sicherzustellen sehr ernst.<br>Vor dem Hintergrund eskalierender Datenverluste und Systemausf\u00e4lle durch Angriffe auf<br>die IT-Infrastrukturen von Unternehmen gewinnt ein tragf\u00e4higer Sicherheitsstandard<br>zunehmend an Bedeutung. IT-Sicherheit und Datenschutz sind Basiselemente f\u00fcr eine<br>Vertrauensbildung von Kunden und Kooperationspartnern und bilden einen starken Pfeiler<br>in der Wettbewerbsf\u00e4higkeit.<br><\/li><li><strong>Aktualit\u00e4t und \u00c4nderung dieser Datenschutzerkl\u00e4rung<\/strong><br><br>Diese Datenschutzerkl\u00e4rung ist aktuell g\u00fcltig und hat den Stand Mai 2020.<br>Durch die Weiterentwicklung unserer Website und Angebote dar\u00fcber oder aufgrund<br>ge\u00e4nderter gesetzlicher beziehungsweise beh\u00f6rdlicher Vorgaben kann es notwendig<br>werden, diese Datenschutzerkl\u00e4rung zu \u00e4ndern. Die jeweils aktuelle Datenschutzerkl\u00e4rung<br>kann jederzeit auf der Website unter \u201emycic.eu\u201c von Ihnen abgerufen und ausgedruckt<br>werden.<\/li><\/ol>","protected":false},"excerpt":{"rendered":"<p>Datenschutz-Erkl\u00e4rungim Sinne der Art. 13 und 14 DS-GVO (Informationspflichten) Name und Kontaktdaten des f\u00fcr die Verarbeitung VerantwortlichenDiese Datenschutz-Information gilt f\u00fcr die Datenverarbeitung durch:CIC Center for Insurance Claims UG, Kalteiche Ring 46, 3508 Haiger, Deutschland Erhebung und Speicherung personenbezogener Daten sowie Art und Zweck von deren Verwendunga) beim Besuch der der Website Beim Aufruf unserer Website&hellip; <a class=\"more-link\" href=\"https:\/\/mycic.eu\/de\/data-protection\"><span class=\"screen-reader-text\">Datenschutz<\/span> weiterlesen<\/a><\/p>","protected":false},"author":1,"featured_media":0,"parent":0,"menu_order":0,"comment_status":"closed","ping_status":"closed","template":"","meta":{"_coblocks_attr":"Helvetica","_coblocks_dimensions":"","_coblocks_responsive_height":"","_coblocks_accordion_ie_support":"","_starter_page_template":""},"_links":{"self":[{"href":"https:\/\/mycic.eu\/de\/wp-json\/wp\/v2\/pages\/205"}],"collection":[{"href":"https:\/\/mycic.eu\/de\/wp-json\/wp\/v2\/pages"}],"about":[{"href":"https:\/\/mycic.eu\/de\/wp-json\/wp\/v2\/types\/page"}],"author":[{"embeddable":true,"href":"https:\/\/mycic.eu\/de\/wp-json\/wp\/v2\/users\/1"}],"replies":[{"embeddable":true,"href":"https:\/\/mycic.eu\/de\/wp-json\/wp\/v2\/comments?post=205"}],"version-history":[{"count":15,"href":"https:\/\/mycic.eu\/de\/wp-json\/wp\/v2\/pages\/205\/revisions"}],"predecessor-version":[{"id":674,"href":"https:\/\/mycic.eu\/de\/wp-json\/wp\/v2\/pages\/205\/revisions\/674"}],"wp:attachment":[{"href":"https:\/\/mycic.eu\/de\/wp-json\/wp\/v2\/media?parent=205"}],"curies":[{"name":"wp","href":"https:\/\/api.w.org\/{rel}","templated":true}]}}